{"id":836,"date":"2016-07-25T10:37:57","date_gmt":"2016-07-25T10:37:57","guid":{"rendered":"http:\/\/cristiano.ukrdevs.com\/?page_id=41"},"modified":"2026-03-06T17:22:01","modified_gmt":"2026-03-06T16:22:01","slug":"home","status":"publish","type":"page","link":"https:\/\/www.legourmet-traiteurdijon.com\/boutique\/","title":{"rendered":"Accueil"},"content":{"rendered":"<blockquote>\n<p style=\"text-align: center;\">t\u00e9l\u00e9chargez notre <a href=\"https:\/\/www.legourmet-traiteurdijon.com\/boutique\/wp-content\/uploads\/2026\/03\/CARTE-PAQUES-2026-1.pdf\">CARTE DE PAQUES 2026<\/a><\/p>\n<p style=\"text-align: center;\">t\u00e9l\u00e9chargez notre <a href=\"https:\/\/www.legourmet-traiteurdijon.com\/boutique\/wp-content\/uploads\/2025\/10\/Carte-Mariage-Le-GOURMET-2025.pdf\">CARTE MARIAGE<\/a><\/p>\n<\/blockquote>\n<p>R\u00e9servation en ligne 3 jours \u00e0 l\u2019avance. Pour un d\u00e9lai plus court, nous contacter par t\u00e9l\u00e9phone au 03 80 71 10 24<\/p>\n<p><img decoding=\"async\" class=\"wp-image-3217 size-full aligncenter lazyload\" data-src=\"https:\/\/www.legourmet-traiteurdijon.com\/boutique\/wp-content\/uploads\/2021\/05\/2104-LE-GOURMET-Culinaire-22-scaled.jpg\" alt=\"gourmet bandeau site\" width=\"1800\" height=\"521\" src=\"data:image\/gif;base64,R0lGODlhAQABAAAAACH5BAEKAAEALAAAAAABAAEAAAICTAEAOw==\" style=\"--smush-placeholder-width: 1800px; --smush-placeholder-aspect-ratio: 1800\/521;\" \/><\/p>\n<p>\t\r\n\t\t<section class=\"section-block short-info alignfull  \" >\r\n\t\t\t\t\t\t\t\t\t\t<h2>R\u00e9servation par t\u00e9l\u00e9phone au 03 80 71 10 24<\/h2>\r\n\t\t\t\t\t<\/section>\r\n\t\t\r\n\t\t\t<section id=\"latest-news\" class=\"latest-news has-bg alignfull\">\r\n\t\t\t<div class=\"section-title v1\">\r\n\t\t\t<p class=\"subtitle\">Tout pour un repas r\u00e9ussit<\/p>\r\n\t\t<h3> Les conseils du Chef<\/h3>\t\t\r\n<\/div>\t\t\t<div class=\"latest-news-carousel owl-carousel\">\t\r\n\t\t\t\t\t\t\t\t\t<div class=\"item dzsparallaxer auto-init height-is-based-on-content use-loading\">\r\n\t<div class=\"divimage dzsparallaxer--target lazyload\" style=\"background-image:inherit\" data-bg-image=\"url(https:\/\/www.legourmet-traiteurdijon.com\/boutique\/wp-content\/uploads\/2025\/10\/Mariage-le-Gourmet-1-e1762535112991-1546x1080.png)\"><\/div>\r\n\t<div class=\"wrap\">\r\n\t\t<div class=\"latest-news-inner alignwide\">\r\n\t\t\t<div>\r\n\t\t\t\t<img decoding=\"async\" width=\"675\" height=\"450\" data-src=\"https:\/\/www.legourmet-traiteurdijon.com\/boutique\/wp-content\/uploads\/2025\/10\/Mariage-le-Gourmet-1-e1762535112991-675x450.png\" class=\"attachment-medium size-medium wp-post-image lazyload\" alt=\"\" data-srcset=\"https:\/\/www.legourmet-traiteurdijon.com\/boutique\/wp-content\/uploads\/2025\/10\/Mariage-le-Gourmet-1-e1762535112991-675x450.png 675w, https:\/\/www.legourmet-traiteurdijon.com\/boutique\/wp-content\/uploads\/2025\/10\/Mariage-le-Gourmet-1-e1762535112991-370x247.png 370w, https:\/\/www.legourmet-traiteurdijon.com\/boutique\/wp-content\/uploads\/2025\/10\/Mariage-le-Gourmet-1-e1762535112991-857x571.png 857w\" data-sizes=\"(max-width: 675px) 100vw, 675px\" src=\"data:image\/gif;base64,R0lGODlhAQABAAAAACH5BAEKAAEALAAAAAABAAEAAAICTAEAOw==\" style=\"--smush-placeholder-width: 675px; --smush-placeholder-aspect-ratio: 675\/450;\" \/>\t\t\t<\/div>\r\n\t\t\t<div>\r\n\t\t\t\t<time class=\"date pr-font\" datetime=\"2025-10-31\">31 octobre 2025<\/time>\r\n\t\t\t\t<h2 class=\"font-title\"><a href=\"https:\/\/www.legourmet-traiteurdijon.com\/boutique\/carte-mariage\/\">CARTE MARIAGE<\/a><\/h2>\t\r\n\t\t\t\t<p>t\u00e9l\u00e9chargez notre CARTE MARIAGE<\/p>\n\t\t\t\t<a class=\"btn btn-transparent\" href=\"https:\/\/www.legourmet-traiteurdijon.com\/boutique\/carte-mariage\/\">En savoir plus<\/a>\r\n\t\t\t<\/div>\r\n\t\t<\/div>\r\n\t<\/div>\r\n\t<span class=\"alpha-gradient\"><\/span>\r\n<\/div>\t\t\t\t\t\t\t\t\t<div class=\"item dzsparallaxer auto-init height-is-based-on-content use-loading\">\r\n\t<div class=\"divimage dzsparallaxer--target\" style=\"background-image: url()\"><\/div>\r\n\t<div class=\"wrap\">\r\n\t\t<div class=\"latest-news-inner alignwide\">\r\n\t\t\t<div>\r\n\t\t\t\t\t\t\t<\/div>\r\n\t\t\t<div>\r\n\t\t\t\t<time class=\"date pr-font\" datetime=\"2025-10-31\">31 octobre 2025<\/time>\r\n\t\t\t\t<h2 class=\"font-title\"><a href=\"https:\/\/www.legourmet-traiteurdijon.com\/boutique\/carte-du-moment\/\">CARTE DU MOMENT<\/a><\/h2>\t\r\n\t\t\t\t<p>t\u00e9l\u00e9chargez notre CARTE d&#8217;AUTOMNE<\/p>\n\t\t\t\t<a class=\"btn btn-transparent\" href=\"https:\/\/www.legourmet-traiteurdijon.com\/boutique\/carte-du-moment\/\">En savoir plus<\/a>\r\n\t\t\t<\/div>\r\n\t\t<\/div>\r\n\t<\/div>\r\n\t<span class=\"alpha-gradient\"><\/span>\r\n<\/div>\t\t\t\t\t\t\t\t\t<div class=\"item dzsparallaxer auto-init height-is-based-on-content use-loading\">\r\n\t<div class=\"divimage dzsparallaxer--target lazyload\" style=\"background-image:inherit\" data-bg-image=\"url(https:\/\/www.legourmet-traiteurdijon.com\/boutique\/wp-content\/uploads\/2018\/03\/Filet-de-canette-braise\u0301-sauce-aux-morilles-2-1920x1080.jpg)\"><\/div>\r\n\t<div class=\"wrap\">\r\n\t\t<div class=\"latest-news-inner alignwide\">\r\n\t\t\t<div>\r\n\t\t\t\t<img decoding=\"async\" width=\"675\" height=\"450\" data-src=\"https:\/\/www.legourmet-traiteurdijon.com\/boutique\/wp-content\/uploads\/2018\/03\/Filet-de-canette-braise\u0301-sauce-aux-morilles-2-675x450.jpg\" class=\"attachment-medium size-medium wp-post-image lazyload\" alt=\"\" data-srcset=\"https:\/\/www.legourmet-traiteurdijon.com\/boutique\/wp-content\/uploads\/2018\/03\/Filet-de-canette-braise\u0301-sauce-aux-morilles-2-675x450.jpg 675w, https:\/\/www.legourmet-traiteurdijon.com\/boutique\/wp-content\/uploads\/2018\/03\/Filet-de-canette-braise\u0301-sauce-aux-morilles-2-830x553.jpg 830w, https:\/\/www.legourmet-traiteurdijon.com\/boutique\/wp-content\/uploads\/2018\/03\/Filet-de-canette-braise\u0301-sauce-aux-morilles-2-370x247.jpg 370w, https:\/\/www.legourmet-traiteurdijon.com\/boutique\/wp-content\/uploads\/2018\/03\/Filet-de-canette-braise\u0301-sauce-aux-morilles-2-768x512.jpg 768w, https:\/\/www.legourmet-traiteurdijon.com\/boutique\/wp-content\/uploads\/2018\/03\/Filet-de-canette-braise\u0301-sauce-aux-morilles-2-1536x1024.jpg 1536w, https:\/\/www.legourmet-traiteurdijon.com\/boutique\/wp-content\/uploads\/2018\/03\/Filet-de-canette-braise\u0301-sauce-aux-morilles-2-2048x1365.jpg 2048w\" data-sizes=\"(max-width: 675px) 100vw, 675px\" src=\"data:image\/gif;base64,R0lGODlhAQABAAAAACH5BAEKAAEALAAAAAABAAEAAAICTAEAOw==\" style=\"--smush-placeholder-width: 675px; --smush-placeholder-aspect-ratio: 675\/450;\" \/>\t\t\t<\/div>\r\n\t\t\t<div>\r\n\t\t\t\t<time class=\"date pr-font\" datetime=\"2020-11-23\">23 novembre 2020<\/time>\r\n\t\t\t\t<h2 class=\"font-title\"><a href=\"https:\/\/www.legourmet-traiteurdijon.com\/boutique\/conseils-rechauffage\/\">Conseils de r\u00e9chauffe<\/a><\/h2>\t\r\n\t\t\t\t<p>Conseils de r\u00e9chauffe &#8211; Le Gourmet Traiteur Fondamentaux : \u00a0&#8211; Sortir vos plats du r\u00e9frig\u00e9rateur 2 heures \u00e0 T\u00b0 ambiante avant la r\u00e9chauffe \u00a0&#8211; Pr\u00e9chauffer votre four 10 minutes \u00e0&#8230;<\/p>\n\t\t\t\t<a class=\"btn btn-transparent\" href=\"https:\/\/www.legourmet-traiteurdijon.com\/boutique\/conseils-rechauffage\/\">En savoir plus<\/a>\r\n\t\t\t<\/div>\r\n\t\t<\/div>\r\n\t<\/div>\r\n\t<span class=\"alpha-gradient\"><\/span>\r\n<\/div>\t\t\t\t\t\t\t<\/div>\t\r\n\t\t\t<script>\r\n\t\t\t\tjQuery('.latest-news-carousel').owlCarousel({\r\n\t\t\t\t\tnav: true,\r\n\t\t\t\t\titems: 1,\r\n\t\t\t\t\tmargin: 0,\r\n\t\t\t\t\tautoHeight: true,\r\n\t\t\t\t\tautoplay: Boolean(  ),\r\n\t\t\t\t\trewind: Boolean(  ),\r\n\t\t\t\t\tautoplayHoverPause: Boolean(  ),\r\n\t\t\t\t});\r\n\t\t\t<\/script>\t\t\t\t\t\t\t\t\t\t\t\r\n\t\t<\/section>\r\n\t\t\r\n\t    <section class=\"testimonials-slider section-block \">\r\n                <div class=\"inner\">\r\n            <div class=\"section-title v1\">\r\n\t\t\t<p class=\"subtitle\">Ce qu'en pense nos clients<\/p>\r\n\t\t<h3> T\u00e9moignages<\/h3>\t\t\r\n<\/div>                            <div class=\"testimonials-slider-carousel owl-carousel\">\r\n                                            <div class=\"swiper-slide\">\r\n\t\t\t<div class=\"content\">\t\r\n\t\t\t\t\r\n\t\t\t\t<i class=\"icon-quote-left\" aria-hidden=\"true\"><\/i>\r\n\t\t\t\t\t\t<blockquote ><p>Bonsoir, petit message simplement pour vous remercier et vous f\u00e9liciter pour la qualit\u00e9 des mets que vous avez pr\u00e9par\u00e9s pour les f\u00eates de \u00a8P\u00e2ques. RV samedi sur le march\u00e9 !!!<\/p>\n<\/blockquote>\r\n\t\t\t<h2 class=\"font-heading color-pr-tx\">Pascal Bortot<\/h2>\t\r\n\t\t<\/div>\r\n\t<\/div>                                            <div class=\"swiper-slide\">\r\n\t\t\t<div class=\"content\">\t\r\n\t\t\t\t\r\n\t\t\t\t<i class=\"icon-quote-left\" aria-hidden=\"true\"><\/i>\r\n\t\t\t\t\t\t<blockquote ><div>A la famille Herbert, ma plus jolie d\u00e9couverte dijonnaise, en souvenir d&#8217;une soir\u00e9e gourmande. Amicalement<\/div>\n<\/blockquote>\r\n\t\t\t<h2 class=\"font-heading color-pr-tx\">Elisabeth de Meurville, journaliste<\/h2>\t\r\n\t\t<\/div>\r\n\t<\/div>                                            <div class=\"swiper-slide\">\r\n\t\t\t<div class=\"content\">\t\r\n\t\t\t\t\r\n\t\t\t\t<i class=\"icon-quote-left\" aria-hidden=\"true\"><\/i>\r\n\t\t\t\t\t\t<blockquote ><div>Merci pour votre patience, votre professionnalisme et votre d\u00e9vouement qui nous ont permis d&#8217;avoir un repas qui nous ressemble, \u00e0 l&#8217;image de nos deux villes. Nous avons particuli\u00e8rement appr\u00e9ci\u00e9 votre esprit familial et votre passion pour votre m\u00e9tier.<\/div>\n<\/blockquote>\r\n\t\t\t<h2 class=\"font-heading color-pr-tx\">Myriam et Adrien<\/h2>\t\r\n\t\t<\/div>\r\n\t<\/div>                                            <div class=\"swiper-slide\">\r\n\t\t\t<div class=\"content\">\t\r\n\t\t\t\t\r\n\t\t\t\t<i class=\"icon-quote-left\" aria-hidden=\"true\"><\/i>\r\n\t\t\t\t\t\t<blockquote ><div>Tout \u00e9tait parfait. Des plats succulents, un accueil chaleureux &amp; convivial, de tr\u00e8s belles prestations. Merci beaucoup. Vous avez grandement contribu\u00e9 \u00e0 la r\u00e9ussite de notre mariage. Merci encore et \u00e0 bient\u00f4t.<\/div>\n<\/blockquote>\r\n\t\t\t<h2 class=\"font-heading color-pr-tx\">Emilie &#038; J\u00e9r\u00e9mie BENEL<\/h2>\t\r\n\t\t<\/div>\r\n\t<\/div>                                            <div class=\"swiper-slide\">\r\n\t\t\t<div class=\"content\">\t\r\n\t\t\t\t\r\n\t\t\t\t<i class=\"icon-quote-left\" aria-hidden=\"true\"><\/i>\r\n\t\t\t\t\t\t<blockquote ><div>Le choix du traiteur pour une vin d&#8217;honneur de mariage est d\u00e9licat et nous tenions \u00e0 vous assurer de toute notre satisfaction pour vous avoir fait confiance.<\/div>\n<div>Cette r\u00e9ception qui nous a valu que des \u00e9loges fut une r\u00e9ussite. Merci pour votre patience, votre savoir-faire et votre professionnalisme<\/div>\n<\/blockquote>\r\n\t\t\t<h2 class=\"font-heading color-pr-tx\">Lynda &#038; Philippe<\/h2>\t\r\n\t\t<\/div>\r\n\t<\/div>                                            <div class=\"swiper-slide\">\r\n\t\t\t<div class=\"content\">\t\r\n\t\t\t\t\r\n\t\t\t\t<i class=\"icon-quote-left\" aria-hidden=\"true\"><\/i>\r\n\t\t\t\t\t\t<blockquote ><div>Ambiance familiale. Une excellente adresse \u00e0 retenir avec toute confiance !<\/div>\n<\/blockquote>\r\n\t\t\t<h2 class=\"font-heading color-pr-tx\">Famille VERGES avec son meilleur souvenir !<\/h2>\t\r\n\t\t<\/div>\r\n\t<\/div>                                            <div class=\"swiper-slide\">\r\n\t\t\t<div class=\"content\">\t\r\n\t\t\t\t\r\n\t\t\t\t<i class=\"icon-quote-left\" aria-hidden=\"true\"><\/i>\r\n\t\t\t\t\t\t<blockquote ><div>Nous voulions juste vous dire MERCI ! Vous \u00eates vraiment g\u00e9niaux et nous avons pass\u00e9 une journ\u00e9e m\u00e9morable et exceptionnelle gr\u00e2ce \u00e0 vous. Merci<\/div>\n<\/blockquote>\r\n\t\t\t<h2 class=\"font-heading color-pr-tx\">Fr\u00e9d\u00e9ric &#038; Sol\u00e8ne VIGNERON<\/h2>\t\r\n\t\t<\/div>\r\n\t<\/div>                                            <div class=\"swiper-slide\">\r\n\t\t\t<div class=\"content\">\t\r\n\t\t\t\t\r\n\t\t\t\t<i class=\"icon-quote-left\" aria-hidden=\"true\"><\/i>\r\n\t\t\t\t\t\t<blockquote ><div>Votre accueil \u00e9gale la qualit\u00e9 des produits !<\/div>\n<div>Votre savoir-faire est incontestable ! Merci !<\/div>\n<\/blockquote>\r\n\t\t\t<h2 class=\"font-heading color-pr-tx\">Fabrice &#038; Nathalie LEMOINE ZUCCHINI<\/h2>\t\r\n\t\t<\/div>\r\n\t<\/div>                                            <div class=\"swiper-slide\">\r\n\t\t\t<div class=\"content\">\t\r\n\t\t\t\t\r\n\t\t\t\t<i class=\"icon-quote-left\" aria-hidden=\"true\"><\/i>\r\n\t\t\t\t\t\t<blockquote ><div>Fabuleux !!! Un accueil tr\u00e8s chaleureux, des conseils de grande qualit\u00e9, un repas d\u00e9licieux, original, qui a ravi tous les convives. Un vrai d\u00e9lice. Merci, merci, merci !<\/div>\n<\/blockquote>\r\n\t\t\t<h2 class=\"font-heading color-pr-tx\">(Anniversaire 60 ans du 19\/06\/2016)<\/h2>\t\r\n\t\t<\/div>\r\n\t<\/div>                                            <div class=\"swiper-slide\">\r\n\t\t\t<div class=\"content\">\t\r\n\t\t\t\t\r\n\t\t\t\t<i class=\"icon-quote-left\" aria-hidden=\"true\"><\/i>\r\n\t\t\t\t\t\t<blockquote ><div>Merci d&#8217;avoir contribu\u00e9 \u00e0 notre bonheur. Tout le monde s&#8217;est r\u00e9gal\u00e9, du vin d&#8217;honneur au dessert. Bonne continuation.<\/div>\n<\/blockquote>\r\n\t\t\t<h2 class=\"font-heading color-pr-tx\">Marl\u00e8ne et Matthieu<\/h2>\t\r\n\t\t<\/div>\r\n\t<\/div>                                    <\/div>\r\n            \t\t\r\n        <\/div>\r\n        <script>\r\n            jQuery('.testimonials-slider-carousel').owlCarousel({\r\n                nav: true,\r\n                items: 1,\r\n                margin: 0,\r\n                autoHeight: true,\r\n                dots: false,\r\n                loop: true,\r\n                autoplay: Boolean(  ),\r\n                autoplayHoverPause: Boolean(  ),\t\t\t\t\t\r\n            });\r\n        <\/script>\r\n    <\/section>\r\n    <\/p>\n","protected":false},"excerpt":{"rendered":"<p>t\u00e9l\u00e9chargez notre CARTE DE PAQUES 2026 t\u00e9l\u00e9chargez notre CARTE MARIAGE R\u00e9servation en ligne 3 jours \u00e0 l\u2019avance. Pour un d\u00e9lai plus court, nous contacter par t\u00e9l\u00e9phone au 03 80 71&#8230;<\/p>\n","protected":false},"author":1,"featured_media":123,"parent":0,"menu_order":-10,"comment_status":"closed","ping_status":"closed","template":"","meta":{"_monsterinsights_skip_tracking":false,"_monsterinsights_sitenote_active":false,"_monsterinsights_sitenote_note":"","_monsterinsights_sitenote_category":0,"footnotes":""},"yoast_head":"<!-- This site is optimized with the Yoast SEO plugin v22.8 - https:\/\/yoast.com\/wordpress\/plugins\/seo\/ -->\n<title>Accueil - Gourmet Traiteur<\/title>\n<meta name=\"robots\" content=\"index, follow, max-snippet:-1, max-image-preview:large, max-video-preview:-1\" \/>\n<link rel=\"canonical\" href=\"https:\/\/www.legourmet-traiteurdijon.com\/boutique\/\" \/>\n<meta property=\"og:locale\" content=\"fr_FR\" \/>\n<meta property=\"og:type\" content=\"article\" \/>\n<meta property=\"og:title\" content=\"Accueil - Gourmet Traiteur\" \/>\n<meta property=\"og:description\" content=\"t\u00e9l\u00e9chargez notre CARTE DE PAQUES 2026 t\u00e9l\u00e9chargez notre CARTE MARIAGE R\u00e9servation en ligne 3 jours \u00e0 l\u2019avance. Pour un d\u00e9lai plus court, nous contacter par t\u00e9l\u00e9phone au 03 80 71...\" \/>\n<meta property=\"og:url\" content=\"https:\/\/www.legourmet-traiteurdijon.com\/boutique\/\" \/>\n<meta property=\"og:site_name\" content=\"Gourmet Traiteur\" \/>\n<meta property=\"article:modified_time\" content=\"2026-03-06T16:22:01+00:00\" \/>\n<meta property=\"og:image\" content=\"https:\/\/www.legourmet-traiteurdijon.com\/boutique\/wp-content\/uploads\/2020\/11\/Demi-homard-royale-doseille-sauce-savagnin-5.jpg\" \/>\n\t<meta property=\"og:image:width\" content=\"1500\" \/>\n\t<meta property=\"og:image:height\" content=\"2251\" \/>\n\t<meta property=\"og:image:type\" content=\"image\/jpeg\" \/>\n<meta name=\"twitter:card\" content=\"summary_large_image\" \/>\n<meta name=\"twitter:label1\" content=\"Dur\u00e9e de lecture estim\u00e9e\" \/>\n\t<meta name=\"twitter:data1\" content=\"1 minute\" \/>\n<script type=\"application\/ld+json\" class=\"yoast-schema-graph\">{\"@context\":\"https:\/\/schema.org\",\"@graph\":[{\"@type\":\"WebPage\",\"@id\":\"https:\/\/www.legourmet-traiteurdijon.com\/boutique\/\",\"url\":\"https:\/\/www.legourmet-traiteurdijon.com\/boutique\/\",\"name\":\"Accueil - Gourmet Traiteur\",\"isPartOf\":{\"@id\":\"https:\/\/www.legourmet-traiteurdijon.com\/boutique\/#website\"},\"primaryImageOfPage\":{\"@id\":\"https:\/\/www.legourmet-traiteurdijon.com\/boutique\/#primaryimage\"},\"image\":{\"@id\":\"https:\/\/www.legourmet-traiteurdijon.com\/boutique\/#primaryimage\"},\"thumbnailUrl\":\"https:\/\/www.legourmet-traiteurdijon.com\/boutique\/wp-content\/uploads\/2020\/11\/Demi-homard-royale-doseille-sauce-savagnin-5.jpg\",\"datePublished\":\"2016-07-25T10:37:57+00:00\",\"dateModified\":\"2026-03-06T16:22:01+00:00\",\"breadcrumb\":{\"@id\":\"https:\/\/www.legourmet-traiteurdijon.com\/boutique\/#breadcrumb\"},\"inLanguage\":\"fr-FR\",\"potentialAction\":[{\"@type\":\"ReadAction\",\"target\":[\"https:\/\/www.legourmet-traiteurdijon.com\/boutique\/\"]}]},{\"@type\":\"ImageObject\",\"inLanguage\":\"fr-FR\",\"@id\":\"https:\/\/www.legourmet-traiteurdijon.com\/boutique\/#primaryimage\",\"url\":\"https:\/\/www.legourmet-traiteurdijon.com\/boutique\/wp-content\/uploads\/2020\/11\/Demi-homard-royale-doseille-sauce-savagnin-5.jpg\",\"contentUrl\":\"https:\/\/www.legourmet-traiteurdijon.com\/boutique\/wp-content\/uploads\/2020\/11\/Demi-homard-royale-doseille-sauce-savagnin-5.jpg\",\"width\":1500,\"height\":2251},{\"@type\":\"BreadcrumbList\",\"@id\":\"https:\/\/www.legourmet-traiteurdijon.com\/boutique\/#breadcrumb\",\"itemListElement\":[{\"@type\":\"ListItem\",\"position\":1,\"name\":\"Accueil\",\"item\":\"https:\/\/www.legourmet-traiteurdijon.com\/boutique\/\"},{\"@type\":\"ListItem\",\"position\":2,\"name\":\"Accueil\"}]},{\"@type\":\"WebSite\",\"@id\":\"https:\/\/www.legourmet-traiteurdijon.com\/boutique\/#website\",\"url\":\"https:\/\/www.legourmet-traiteurdijon.com\/boutique\/\",\"name\":\"Gourmet Traiteur\",\"description\":\"TRAITEUR DIJON\",\"potentialAction\":[{\"@type\":\"SearchAction\",\"target\":{\"@type\":\"EntryPoint\",\"urlTemplate\":\"https:\/\/www.legourmet-traiteurdijon.com\/boutique\/?s={search_term_string}\"},\"query-input\":\"required name=search_term_string\"}],\"inLanguage\":\"fr-FR\"}]}<\/script>\n<!-- \/ Yoast SEO plugin. -->","yoast_head_json":{"title":"Accueil - Gourmet Traiteur","robots":{"index":"index","follow":"follow","max-snippet":"max-snippet:-1","max-image-preview":"max-image-preview:large","max-video-preview":"max-video-preview:-1"},"canonical":"https:\/\/www.legourmet-traiteurdijon.com\/boutique\/","og_locale":"fr_FR","og_type":"article","og_title":"Accueil - Gourmet Traiteur","og_description":"t\u00e9l\u00e9chargez notre CARTE DE PAQUES 2026 t\u00e9l\u00e9chargez notre CARTE MARIAGE R\u00e9servation en ligne 3 jours \u00e0 l\u2019avance. Pour un d\u00e9lai plus court, nous contacter par t\u00e9l\u00e9phone au 03 80 71...","og_url":"https:\/\/www.legourmet-traiteurdijon.com\/boutique\/","og_site_name":"Gourmet Traiteur","article_modified_time":"2026-03-06T16:22:01+00:00","og_image":[{"width":1500,"height":2251,"url":"https:\/\/www.legourmet-traiteurdijon.com\/boutique\/wp-content\/uploads\/2020\/11\/Demi-homard-royale-doseille-sauce-savagnin-5.jpg","type":"image\/jpeg"}],"twitter_card":"summary_large_image","twitter_misc":{"Dur\u00e9e de lecture estim\u00e9e":"1 minute"},"schema":{"@context":"https:\/\/schema.org","@graph":[{"@type":"WebPage","@id":"https:\/\/www.legourmet-traiteurdijon.com\/boutique\/","url":"https:\/\/www.legourmet-traiteurdijon.com\/boutique\/","name":"Accueil - Gourmet Traiteur","isPartOf":{"@id":"https:\/\/www.legourmet-traiteurdijon.com\/boutique\/#website"},"primaryImageOfPage":{"@id":"https:\/\/www.legourmet-traiteurdijon.com\/boutique\/#primaryimage"},"image":{"@id":"https:\/\/www.legourmet-traiteurdijon.com\/boutique\/#primaryimage"},"thumbnailUrl":"https:\/\/www.legourmet-traiteurdijon.com\/boutique\/wp-content\/uploads\/2020\/11\/Demi-homard-royale-doseille-sauce-savagnin-5.jpg","datePublished":"2016-07-25T10:37:57+00:00","dateModified":"2026-03-06T16:22:01+00:00","breadcrumb":{"@id":"https:\/\/www.legourmet-traiteurdijon.com\/boutique\/#breadcrumb"},"inLanguage":"fr-FR","potentialAction":[{"@type":"ReadAction","target":["https:\/\/www.legourmet-traiteurdijon.com\/boutique\/"]}]},{"@type":"ImageObject","inLanguage":"fr-FR","@id":"https:\/\/www.legourmet-traiteurdijon.com\/boutique\/#primaryimage","url":"https:\/\/www.legourmet-traiteurdijon.com\/boutique\/wp-content\/uploads\/2020\/11\/Demi-homard-royale-doseille-sauce-savagnin-5.jpg","contentUrl":"https:\/\/www.legourmet-traiteurdijon.com\/boutique\/wp-content\/uploads\/2020\/11\/Demi-homard-royale-doseille-sauce-savagnin-5.jpg","width":1500,"height":2251},{"@type":"BreadcrumbList","@id":"https:\/\/www.legourmet-traiteurdijon.com\/boutique\/#breadcrumb","itemListElement":[{"@type":"ListItem","position":1,"name":"Accueil","item":"https:\/\/www.legourmet-traiteurdijon.com\/boutique\/"},{"@type":"ListItem","position":2,"name":"Accueil"}]},{"@type":"WebSite","@id":"https:\/\/www.legourmet-traiteurdijon.com\/boutique\/#website","url":"https:\/\/www.legourmet-traiteurdijon.com\/boutique\/","name":"Gourmet Traiteur","description":"TRAITEUR DIJON","potentialAction":[{"@type":"SearchAction","target":{"@type":"EntryPoint","urlTemplate":"https:\/\/www.legourmet-traiteurdijon.com\/boutique\/?s={search_term_string}"},"query-input":"required name=search_term_string"}],"inLanguage":"fr-FR"}]}},"_links":{"self":[{"href":"https:\/\/www.legourmet-traiteurdijon.com\/boutique\/wp-json\/wp\/v2\/pages\/836"}],"collection":[{"href":"https:\/\/www.legourmet-traiteurdijon.com\/boutique\/wp-json\/wp\/v2\/pages"}],"about":[{"href":"https:\/\/www.legourmet-traiteurdijon.com\/boutique\/wp-json\/wp\/v2\/types\/page"}],"author":[{"embeddable":true,"href":"https:\/\/www.legourmet-traiteurdijon.com\/boutique\/wp-json\/wp\/v2\/users\/1"}],"replies":[{"embeddable":true,"href":"https:\/\/www.legourmet-traiteurdijon.com\/boutique\/wp-json\/wp\/v2\/comments?post=836"}],"version-history":[{"count":218,"href":"https:\/\/www.legourmet-traiteurdijon.com\/boutique\/wp-json\/wp\/v2\/pages\/836\/revisions"}],"predecessor-version":[{"id":4525,"href":"https:\/\/www.legourmet-traiteurdijon.com\/boutique\/wp-json\/wp\/v2\/pages\/836\/revisions\/4525"}],"wp:featuredmedia":[{"embeddable":true,"href":"https:\/\/www.legourmet-traiteurdijon.com\/boutique\/wp-json\/wp\/v2\/media\/123"}],"wp:attachment":[{"href":"https:\/\/www.legourmet-traiteurdijon.com\/boutique\/wp-json\/wp\/v2\/media?parent=836"}],"curies":[{"name":"wp","href":"https:\/\/api.w.org\/{rel}","templated":true}]}}